{"id":6282,"date":"2023-09-05T06:04:09","date_gmt":"2023-09-05T06:04:09","guid":{"rendered":"https:\/\/elementor2.ameclexdir.com\/?post_type=agendas&#038;p=6282"},"modified":"2023-09-05T06:12:57","modified_gmt":"2023-09-05T06:12:57","slug":"jornada-tecnica-en-arabia-saudi","status":"publish","type":"agendas","link":"https:\/\/elementor2.ameclexdir.com\/index.php\/agendas\/jornada-tecnica-en-arabia-saudi\/","title":{"rendered":"Jornada T\u00e9cnica en Arabia Saud\u00ed"},"content":{"rendered":"<div class=\"portletDetailAgenda\">\n<div class=\"amplada-pagina descripcion\">\n<p>Arabia Saud\u00ed es la mayor econom\u00eda de Oriente Pr\u00f3ximo con uno de los mayores niveles de vida de la regi\u00f3n y con altas previsiones de crecimiento.<\/p>\n<p>Los programas de grandes obras p\u00fablicas que esta impulsando el gobierno juntamente con la solidez de su sistema econ\u00f3mico, convierten al pa\u00eds en un gran atractivo que genera grandes\u00a0oportunidades de inversi\u00f3n para las empresas espa\u00f1olas.<\/p>\n<p>Por este motivo\u00a0<em>amec amelec<\/em>\u00a0y\u00a0<em>amec ascon<\/em>\u00a0organizan una Jornada T\u00e9cnica conjunta que concentrar\u00e1 en 4 d\u00edas una agenda que permitir\u00e1 conocer de primera mano los principales proyectos del pa\u00eds.<\/p>\n<p>&nbsp;<\/p>\n<p>&nbsp;<\/p>\n<p>&nbsp;<\/p>\n<p><strong><img fetchpriority=\"high\" decoding=\"async\" class=\"center\" src=\"https:\/\/elementor2.ameclexdir.com\/wp-content\/uploads\/2023\/09\/jt-saudi-arabia-redim-w1048-h589.jpg\" alt=\"JT Saud\u00ed Arabia.jpg\" width=\"1048\" height=\"589\" \/><\/strong><\/p>\n<p>&nbsp;<\/p>\n<p>&nbsp;<\/p>\n<p class=\"center\">Inscr\u00edbete\u00a0<a href=\"https:\/\/www.amec.es\/es\/pag614\/formulario-inscripcion-jt-arabia-saudi.htm\" data-href=\"https:\/\/www.amec.es\/es\/pag614\/formulario-inscripcion-jt-arabia-saudi.htm\">aqu\u00ed\u00a0<\/a>por un precio de\u00a0<strong>650EUR +IVA socios\u00a0<em>amec<\/em>\/ 950EUR +IVA no socios\u00a0<em>amec<\/em><\/strong><\/p>\n<p class=\"center\">\n<p class=\"center\">\n<p class=\"center\"><strong>\u00a0Fecha l\u00edmite de inscripci\u00f3n 15 de septiembre 2023<\/strong><\/p>\n<p>&nbsp;<\/p>\n<p><img decoding=\"async\" class=\"center\" src=\"https:\/\/elementor2.ameclexdir.com\/wp-content\/uploads\/2023\/09\/logo-icex-encolor-redim-w427-h57.jpg\" alt=\"logo icex encolor.jpg\" width=\"427\" height=\"57\" \/><\/p>\n<p>&nbsp;<\/p>\n<p>Para m\u00e1s informaci\u00f3n contacta con:<\/p>\n<p><a href=\"mailto:llcusell@amec.es\">llcusell@amec.es<\/a><\/p>\n<p><a href=\"mailto:jbalcells@amec.es\">jbalcells@amec.es<\/a><\/p>\n<p>&nbsp;<\/p>\n<p>&nbsp;<\/p>\n<p>&nbsp;<\/p>\n<p>&nbsp;<\/p>\n<\/div>\n<\/div>\n<p>s<\/p>\n<div class=\"download_documents_amec amplada-pagina\">\n<h2 class=\"main_title\">Documentos a descargar<\/h2>\n<ul class=\"list-amec\">\n<li><img decoding=\"async\" class=\"folder_icon\" src=\"https:\/\/elementor2.ameclexdir.com\/wp-content\/uploads\/2023\/09\/folder_icon.svg\" alt=\"jtec-riad-y-jeddah-2023-arabia-saudi-amec.pdf (3,2 MB)\" \/>jtec-riad-y-jeddah-2023-arabia-saudi-amec.pdf<\/li>\n<\/ul>\n<\/div>\n","protected":false},"template":"","class_list":["post-6282","agendas","type-agendas","status-publish","hentry"],"acf":[],"_links":{"self":[{"href":"https:\/\/elementor2.ameclexdir.com\/index.php\/wp-json\/wp\/v2\/agendas\/6282","targetHints":{"allow":["GET"]}}],"collection":[{"href":"https:\/\/elementor2.ameclexdir.com\/index.php\/wp-json\/wp\/v2\/agendas"}],"about":[{"href":"https:\/\/elementor2.ameclexdir.com\/index.php\/wp-json\/wp\/v2\/types\/agendas"}],"version-history":[{"count":0,"href":"https:\/\/elementor2.ameclexdir.com\/index.php\/wp-json\/wp\/v2\/agendas\/6282\/revisions"}],"wp:attachment":[{"href":"https:\/\/elementor2.ameclexdir.com\/index.php\/wp-json\/wp\/v2\/media?parent=6282"}],"curies":[{"name":"wp","href":"https:\/\/api.w.org\/{rel}","templated":true}]}}