{"id":31,"date":"2023-07-11T10:06:22","date_gmt":"2023-07-11T10:06:22","guid":{"rendered":"https:\/\/elementor2.ameclexdir.com\/?page_id=31"},"modified":"2023-11-03T21:48:30","modified_gmt":"2023-11-03T21:48:30","slug":"amecnews","status":"publish","type":"page","link":"https:\/\/elementor2.ameclexdir.com\/index.php\/amecnews\/","title":{"rendered":"<b>amec<\/b>news"},"content":{"rendered":"\t\t<div data-elementor-type=\"wp-page\" data-elementor-id=\"31\" class=\"elementor elementor-31\" data-elementor-post-type=\"page\">\n\t\t\t\t\t\t\t\t\t<section class=\"elementor-section elementor-top-section elementor-element elementor-element-fef9d18 elementor-section-boxed elementor-section-height-default elementor-section-height-default\" data-id=\"fef9d18\" data-element_type=\"section\" data-settings=\"{&quot;background_background&quot;:&quot;classic&quot;}\">\n\t\t\t\t\t\t<div class=\"elementor-container elementor-column-gap-default\">\n\t\t\t\t\t<div class=\"elementor-column elementor-col-100 elementor-top-column elementor-element elementor-element-17ba985\" data-id=\"17ba985\" data-element_type=\"column\">\n\t\t\t<div class=\"elementor-widget-wrap elementor-element-populated\">\n\t\t\t\t\t\t\t\t<div class=\"elementor-element elementor-element-f724a94 elementor-widget-divider--view-line elementor-widget elementor-widget-global elementor-global-159 elementor-widget-divider\" data-id=\"f724a94\" data-element_type=\"widget\" data-widget_type=\"divider.default\">\n\t\t\t\t<div class=\"elementor-widget-container\">\n\t\t\t<style>\/*! elementor - v3.18.0 - 20-12-2023 *\/\n.elementor-widget-divider{--divider-border-style:none;--divider-border-width:1px;--divider-color:#0c0d0e;--divider-icon-size:20px;--divider-element-spacing:10px;--divider-pattern-height:24px;--divider-pattern-size:20px;--divider-pattern-url:none;--divider-pattern-repeat:repeat-x}.elementor-widget-divider .elementor-divider{display:flex}.elementor-widget-divider .elementor-divider__text{font-size:15px;line-height:1;max-width:95%}.elementor-widget-divider .elementor-divider__element{margin:0 var(--divider-element-spacing);flex-shrink:0}.elementor-widget-divider .elementor-icon{font-size:var(--divider-icon-size)}.elementor-widget-divider .elementor-divider-separator{display:flex;margin:0;direction:ltr}.elementor-widget-divider--view-line_icon .elementor-divider-separator,.elementor-widget-divider--view-line_text .elementor-divider-separator{align-items:center}.elementor-widget-divider--view-line_icon .elementor-divider-separator:after,.elementor-widget-divider--view-line_icon .elementor-divider-separator:before,.elementor-widget-divider--view-line_text .elementor-divider-separator:after,.elementor-widget-divider--view-line_text .elementor-divider-separator:before{display:block;content:\"\";border-bottom:0;flex-grow:1;border-top:var(--divider-border-width) var(--divider-border-style) var(--divider-color)}.elementor-widget-divider--element-align-left .elementor-divider .elementor-divider-separator>.elementor-divider__svg:first-of-type{flex-grow:0;flex-shrink:100}.elementor-widget-divider--element-align-left .elementor-divider-separator:before{content:none}.elementor-widget-divider--element-align-left .elementor-divider__element{margin-left:0}.elementor-widget-divider--element-align-right .elementor-divider .elementor-divider-separator>.elementor-divider__svg:last-of-type{flex-grow:0;flex-shrink:100}.elementor-widget-divider--element-align-right .elementor-divider-separator:after{content:none}.elementor-widget-divider--element-align-right .elementor-divider__element{margin-right:0}.elementor-widget-divider:not(.elementor-widget-divider--view-line_text):not(.elementor-widget-divider--view-line_icon) .elementor-divider-separator{border-top:var(--divider-border-width) var(--divider-border-style) var(--divider-color)}.elementor-widget-divider--separator-type-pattern{--divider-border-style:none}.elementor-widget-divider--separator-type-pattern.elementor-widget-divider--view-line .elementor-divider-separator,.elementor-widget-divider--separator-type-pattern:not(.elementor-widget-divider--view-line) .elementor-divider-separator:after,.elementor-widget-divider--separator-type-pattern:not(.elementor-widget-divider--view-line) .elementor-divider-separator:before,.elementor-widget-divider--separator-type-pattern:not([class*=elementor-widget-divider--view]) .elementor-divider-separator{width:100%;min-height:var(--divider-pattern-height);-webkit-mask-size:var(--divider-pattern-size) 100%;mask-size:var(--divider-pattern-size) 100%;-webkit-mask-repeat:var(--divider-pattern-repeat);mask-repeat:var(--divider-pattern-repeat);background-color:var(--divider-color);-webkit-mask-image:var(--divider-pattern-url);mask-image:var(--divider-pattern-url)}.elementor-widget-divider--no-spacing{--divider-pattern-size:auto}.elementor-widget-divider--bg-round{--divider-pattern-repeat:round}.rtl .elementor-widget-divider .elementor-divider__text{direction:rtl}.e-con-inner>.elementor-widget-divider,.e-con>.elementor-widget-divider{width:var(--container-widget-width,100%);--flex-grow:var(--container-widget-flex-grow)}<\/style>\t\t<div class=\"elementor-divider\">\n\t\t\t<span class=\"elementor-divider-separator\">\n\t\t\t\t\t\t<\/span>\n\t\t<\/div>\n\t\t\t\t<\/div>\n\t\t\t\t<\/div>\n\t\t\t\t\t<\/div>\n\t\t<\/div>\n\t\t\t\t\t\t\t<\/div>\n\t\t<\/section>\n\t\t\t\t<section class=\"elementor-section elementor-top-section elementor-element elementor-element-8d05229 elementor-section-full_width elementor-section-height-default elementor-section-height-default\" data-id=\"8d05229\" data-element_type=\"section\">\n\t\t\t\t\t\t<div class=\"elementor-container elementor-column-gap-default\">\n\t\t\t\t\t<div class=\"elementor-column elementor-col-100 elementor-top-column elementor-element elementor-element-02accb6\" data-id=\"02accb6\" data-element_type=\"column\">\n\t\t\t<div class=\"elementor-widget-wrap elementor-element-populated\">\n\t\t\t\t\t\t\t\t<div class=\"elementor-element elementor-element-d3ce34b elementor-widget elementor-widget-image\" data-id=\"d3ce34b\" data-element_type=\"widget\" data-widget_type=\"image.default\">\n\t\t\t\t<div class=\"elementor-widget-container\">\n\t\t\t<style>\/*! elementor - v3.18.0 - 20-12-2023 *\/\n.elementor-widget-image{text-align:center}.elementor-widget-image a{display:inline-block}.elementor-widget-image a img[src$=\".svg\"]{width:48px}.elementor-widget-image img{vertical-align:middle;display:inline-block}<\/style>\t\t\t\t\t\t\t\t\t\t\t\t<img fetchpriority=\"high\" decoding=\"async\" width=\"1229\" height=\"240\" src=\"https:\/\/elementor2.ameclexdir.com\/wp-content\/uploads\/2023\/08\/banner-amec-1229x240px-esp-redim-w1950-h420.gif\" class=\"attachment-full size-full wp-image-2723\" alt=\"\" \/>\t\t\t\t\t\t\t\t\t\t\t\t\t\t\t<\/div>\n\t\t\t\t<\/div>\n\t\t\t\t\t<\/div>\n\t\t<\/div>\n\t\t\t\t\t\t\t<\/div>\n\t\t<\/section>\n\t\t\t\t<section class=\"elementor-section elementor-top-section elementor-element elementor-element-012e85f elementor-section-boxed elementor-section-height-default elementor-section-height-default\" data-id=\"012e85f\" data-element_type=\"section\" data-settings=\"{&quot;background_background&quot;:&quot;classic&quot;}\">\n\t\t\t\t\t\t<div class=\"elementor-container elementor-column-gap-default\">\n\t\t\t\t\t<div class=\"elementor-column elementor-col-100 elementor-top-column elementor-element elementor-element-c1e7b77\" data-id=\"c1e7b77\" data-element_type=\"column\">\n\t\t\t<div class=\"elementor-widget-wrap elementor-element-populated\">\n\t\t\t\t\t\t\t\t<div class=\"elementor-element elementor-element-824fae9 elementor-widget elementor-widget-heading\" data-id=\"824fae9\" data-element_type=\"widget\" data-widget_type=\"heading.default\">\n\t\t\t\t<div class=\"elementor-widget-container\">\n\t\t\t<style>\/*! elementor - v3.18.0 - 20-12-2023 *\/\n.elementor-heading-title{padding:0;margin:0;line-height:1}.elementor-widget-heading .elementor-heading-title[class*=elementor-size-]>a{color:inherit;font-size:inherit;line-height:inherit}.elementor-widget-heading .elementor-heading-title.elementor-size-small{font-size:15px}.elementor-widget-heading .elementor-heading-title.elementor-size-medium{font-size:19px}.elementor-widget-heading .elementor-heading-title.elementor-size-large{font-size:29px}.elementor-widget-heading .elementor-heading-title.elementor-size-xl{font-size:39px}.elementor-widget-heading .elementor-heading-title.elementor-size-xxl{font-size:59px}<\/style><h3 class=\"elementor-heading-title elementor-size-default\">NOTAS DE PRENSA<\/h3>\t\t<\/div>\n\t\t\t\t<\/div>\n\t\t\t\t<div class=\"elementor-element elementor-element-4a64524 elementor-widget elementor-widget-spacer\" data-id=\"4a64524\" data-element_type=\"widget\" data-widget_type=\"spacer.default\">\n\t\t\t\t<div class=\"elementor-widget-container\">\n\t\t\t<style>\/*! elementor - v3.18.0 - 20-12-2023 *\/\n.elementor-column .elementor-spacer-inner{height:var(--spacer-size)}.e-con{--container-widget-width:100%}.e-con-inner>.elementor-widget-spacer,.e-con>.elementor-widget-spacer{width:var(--container-widget-width,var(--spacer-size));--align-self:var(--container-widget-align-self,initial);--flex-shrink:0}.e-con-inner>.elementor-widget-spacer>.elementor-widget-container,.e-con>.elementor-widget-spacer>.elementor-widget-container{height:100%;width:100%}.e-con-inner>.elementor-widget-spacer>.elementor-widget-container>.elementor-spacer,.e-con>.elementor-widget-spacer>.elementor-widget-container>.elementor-spacer{height:100%}.e-con-inner>.elementor-widget-spacer>.elementor-widget-container>.elementor-spacer>.elementor-spacer-inner,.e-con>.elementor-widget-spacer>.elementor-widget-container>.elementor-spacer>.elementor-spacer-inner{height:var(--container-widget-height,var(--spacer-size))}.e-con-inner>.elementor-widget-spacer.elementor-widget-empty,.e-con>.elementor-widget-spacer.elementor-widget-empty{position:relative;min-height:22px;min-width:22px}.e-con-inner>.elementor-widget-spacer.elementor-widget-empty .elementor-widget-empty-icon,.e-con>.elementor-widget-spacer.elementor-widget-empty .elementor-widget-empty-icon{position:absolute;top:0;bottom:0;left:0;right:0;margin:auto;padding:0;width:22px;height:22px}<\/style>\t\t<div class=\"elementor-spacer\">\n\t\t\t<div class=\"elementor-spacer-inner\"><\/div>\n\t\t<\/div>\n\t\t\t\t<\/div>\n\t\t\t\t<\/div>\n\t\t\t\t<div class=\"elementor-element elementor-element-ede2947 elementor-grid-3 elementor-grid-tablet-2 elementor-grid-mobile-1 elementor-posts--thumbnail-top elementor-widget elementor-widget-posts\" data-id=\"ede2947\" data-element_type=\"widget\" data-settings=\"{&quot;classic_columns&quot;:&quot;3&quot;,&quot;classic_columns_tablet&quot;:&quot;2&quot;,&quot;classic_columns_mobile&quot;:&quot;1&quot;,&quot;classic_row_gap&quot;:{&quot;unit&quot;:&quot;px&quot;,&quot;size&quot;:35,&quot;sizes&quot;:[]},&quot;classic_row_gap_tablet&quot;:{&quot;unit&quot;:&quot;px&quot;,&quot;size&quot;:&quot;&quot;,&quot;sizes&quot;:[]},&quot;classic_row_gap_mobile&quot;:{&quot;unit&quot;:&quot;px&quot;,&quot;size&quot;:&quot;&quot;,&quot;sizes&quot;:[]}}\" data-widget_type=\"posts.classic\">\n\t\t\t\t<div class=\"elementor-widget-container\">\n\t\t\t<link rel=\"stylesheet\" href=\"https:\/\/elementor2.ameclexdir.com\/wp-content\/plugins\/elementor-pro\/assets\/css\/widget-posts.min.css\">\t\t<div class=\"elementor-posts-container elementor-posts elementor-posts--skin-classic elementor-grid\">\n\t\t\t\t<article class=\"elementor-post elementor-grid-item post-6828 post type-post status-publish format-standard has-post-thumbnail hentry category-notas-de-prensa\">\n\t\t\t\t<a class=\"elementor-post__thumbnail__link\" href=\"https:\/\/elementor2.ameclexdir.com\/index.php\/2023\/10\/04\/amec-y-aer-automation-acuerdan-trabajar-conjuntamente-por-la-competitividad-de-las-empresas-industriales\/\" tabindex=\"-1\" >\n\t\t\t<div class=\"elementor-post__thumbnail\"><img decoding=\"async\" width=\"300\" height=\"187\" src=\"https:\/\/elementor2.ameclexdir.com\/wp-content\/uploads\/2023\/10\/firma-acuerdo-aer-redim-prop60-enc-w534-h333-300x187.jpg\" class=\"attachment-medium size-medium wp-image-6833\" alt=\"\" srcset=\"https:\/\/elementor2.ameclexdir.com\/wp-content\/uploads\/2023\/10\/firma-acuerdo-aer-redim-prop60-enc-w534-h333-300x187.jpg 300w, https:\/\/elementor2.ameclexdir.com\/wp-content\/uploads\/2023\/10\/firma-acuerdo-aer-redim-prop60-enc-w534-h333.jpg 534w\" sizes=\"(max-width: 300px) 100vw, 300px\" \/><\/div>\n\t\t<\/a>\n\t\t\t\t<div class=\"elementor-post__text\">\n\t\t\t\t<h3 class=\"elementor-post__title\">\n\t\t\t<a href=\"https:\/\/elementor2.ameclexdir.com\/index.php\/2023\/10\/04\/amec-y-aer-automation-acuerdan-trabajar-conjuntamente-por-la-competitividad-de-las-empresas-industriales\/\" >\n\t\t\t\tamec y AER Automation acuerdan trabajar conjuntamente por la competitividad de las empresas industriales\t\t\t<\/a>\n\t\t<\/h3>\n\t\t\t\t<div class=\"elementor-post__excerpt\">\n\t\t\t<p>4 de octubre de 2023 El presidente de amec, Pere<\/p>\n\t\t<\/div>\n\t\t\n\t\t<a class=\"elementor-post__read-more\" href=\"https:\/\/elementor2.ameclexdir.com\/index.php\/2023\/10\/04\/amec-y-aer-automation-acuerdan-trabajar-conjuntamente-por-la-competitividad-de-las-empresas-industriales\/\" aria-label=\"Read more about amec y AER Automation acuerdan trabajar conjuntamente por la competitividad de las empresas industriales\" tabindex=\"-1\" >\n\t\t\tLeer m\u00e1s \u00bb\t\t<\/a>\n\n\t\t\t\t<\/div>\n\t\t\t\t<\/article>\n\t\t\t\t<article class=\"elementor-post elementor-grid-item post-6824 post type-post status-publish format-standard has-post-thumbnail hentry category-notas-de-prensa\">\n\t\t\t\t<a class=\"elementor-post__thumbnail__link\" href=\"https:\/\/elementor2.ameclexdir.com\/index.php\/2023\/09\/27\/amec-lanza-una-plataforma-digital-que-permite-el-contacto-directo-y-la-colaboracion-entre-las-empresas-industriales\/\" tabindex=\"-1\" >\n\t\t\t<div class=\"elementor-post__thumbnail\"><img decoding=\"async\" width=\"300\" height=\"187\" src=\"https:\/\/elementor2.ameclexdir.com\/wp-content\/uploads\/2023\/10\/amec-colab-redim-prop80-enc-w534-h333-300x187.jpg\" class=\"attachment-medium size-medium wp-image-6825\" alt=\"\" srcset=\"https:\/\/elementor2.ameclexdir.com\/wp-content\/uploads\/2023\/10\/amec-colab-redim-prop80-enc-w534-h333-300x187.jpg 300w, https:\/\/elementor2.ameclexdir.com\/wp-content\/uploads\/2023\/10\/amec-colab-redim-prop80-enc-w534-h333.jpg 534w\" sizes=\"(max-width: 300px) 100vw, 300px\" \/><\/div>\n\t\t<\/a>\n\t\t\t\t<div class=\"elementor-post__text\">\n\t\t\t\t<h3 class=\"elementor-post__title\">\n\t\t\t<a href=\"https:\/\/elementor2.ameclexdir.com\/index.php\/2023\/09\/27\/amec-lanza-una-plataforma-digital-que-permite-el-contacto-directo-y-la-colaboracion-entre-las-empresas-industriales\/\" >\n\t\t\t\tamec lanza una plataforma digital que permite el contacto directo y la colaboraci\u00f3n entre las empresas industriales\t\t\t<\/a>\n\t\t<\/h3>\n\t\t\t\t<div class=\"elementor-post__excerpt\">\n\t\t\t<p>La app de CoLAB re\u00fane a una comunidad que suma<\/p>\n\t\t<\/div>\n\t\t\n\t\t<a class=\"elementor-post__read-more\" href=\"https:\/\/elementor2.ameclexdir.com\/index.php\/2023\/09\/27\/amec-lanza-una-plataforma-digital-que-permite-el-contacto-directo-y-la-colaboracion-entre-las-empresas-industriales\/\" aria-label=\"Read more about amec lanza una plataforma digital que permite el contacto directo y la colaboraci\u00f3n entre las empresas industriales\" tabindex=\"-1\" >\n\t\t\tLeer m\u00e1s \u00bb\t\t<\/a>\n\n\t\t\t\t<\/div>\n\t\t\t\t<\/article>\n\t\t\t\t<article class=\"elementor-post elementor-grid-item post-6836 post type-post status-publish format-standard has-post-thumbnail hentry category-notas-de-prensa\">\n\t\t\t\t<a class=\"elementor-post__thumbnail__link\" href=\"https:\/\/elementor2.ameclexdir.com\/index.php\/2023\/07\/06\/el-presidente-de-amec-pide-a-las-empresas-industriales-que-fomenten-la-cultura-de-la-colaboracion\/\" tabindex=\"-1\" >\n\t\t\t<div class=\"elementor-post__thumbnail\"><img loading=\"lazy\" decoding=\"async\" width=\"300\" height=\"187\" src=\"https:\/\/elementor2.ameclexdir.com\/wp-content\/uploads\/2023\/10\/pere-relats-forum-amec-2023-2-redim-prop60-enc-w534-h333-300x187.jpeg\" class=\"attachment-medium size-medium wp-image-6831\" alt=\"\" srcset=\"https:\/\/elementor2.ameclexdir.com\/wp-content\/uploads\/2023\/10\/pere-relats-forum-amec-2023-2-redim-prop60-enc-w534-h333-300x187.jpeg 300w, https:\/\/elementor2.ameclexdir.com\/wp-content\/uploads\/2023\/10\/pere-relats-forum-amec-2023-2-redim-prop60-enc-w534-h333.jpeg 534w\" sizes=\"(max-width: 300px) 100vw, 300px\" \/><\/div>\n\t\t<\/a>\n\t\t\t\t<div class=\"elementor-post__text\">\n\t\t\t\t<h3 class=\"elementor-post__title\">\n\t\t\t<a href=\"https:\/\/elementor2.ameclexdir.com\/index.php\/2023\/07\/06\/el-presidente-de-amec-pide-a-las-empresas-industriales-que-fomenten-la-cultura-de-la-colaboracion\/\" >\n\t\t\t\tEl presidente de amec pide a las empresas industriales que fomenten la cultura de la colaboraci\u00f3n\t\t\t<\/a>\n\t\t<\/h3>\n\t\t\t\t<div class=\"elementor-post__excerpt\">\n\t\t\t<p>6 de julio de 2023 El 88% de las empresas<\/p>\n\t\t<\/div>\n\t\t\n\t\t<a class=\"elementor-post__read-more\" href=\"https:\/\/elementor2.ameclexdir.com\/index.php\/2023\/07\/06\/el-presidente-de-amec-pide-a-las-empresas-industriales-que-fomenten-la-cultura-de-la-colaboracion\/\" aria-label=\"Read more about El presidente de amec pide a las empresas industriales que fomenten la cultura de la colaboraci\u00f3n\" tabindex=\"-1\" >\n\t\t\tLeer m\u00e1s \u00bb\t\t<\/a>\n\n\t\t\t\t<\/div>\n\t\t\t\t<\/article>\n\t\t\t\t<\/div>\n\t\t\n\t\t\t\t<\/div>\n\t\t\t\t<\/div>\n\t\t\t\t\t<\/div>\n\t\t<\/div>\n\t\t\t\t\t\t\t<\/div>\n\t\t<\/section>\n\t\t\t\t<section class=\"elementor-section elementor-top-section elementor-element elementor-element-060e577 elementor-section-boxed elementor-section-height-default elementor-section-height-default\" data-id=\"060e577\" data-element_type=\"section\" data-settings=\"{&quot;background_background&quot;:&quot;classic&quot;}\">\n\t\t\t\t\t\t<div class=\"elementor-container elementor-column-gap-default\">\n\t\t\t\t\t<div class=\"elementor-column elementor-col-100 elementor-top-column elementor-element elementor-element-917590c\" data-id=\"917590c\" data-element_type=\"column\">\n\t\t\t<div class=\"elementor-widget-wrap elementor-element-populated\">\n\t\t\t\t\t\t\t\t<div class=\"elementor-element elementor-element-3a9e115 elementor-widget elementor-widget-heading\" data-id=\"3a9e115\" data-element_type=\"widget\" data-widget_type=\"heading.default\">\n\t\t\t\t<div class=\"elementor-widget-container\">\n\t\t\t<h3 class=\"elementor-heading-title elementor-size-default\">ACTUALIDAD<\/h3>\t\t<\/div>\n\t\t\t\t<\/div>\n\t\t\t\t<div class=\"elementor-element elementor-element-1102ed7 elementor-widget elementor-widget-spacer\" data-id=\"1102ed7\" data-element_type=\"widget\" data-widget_type=\"spacer.default\">\n\t\t\t\t<div class=\"elementor-widget-container\">\n\t\t\t\t\t<div class=\"elementor-spacer\">\n\t\t\t<div class=\"elementor-spacer-inner\"><\/div>\n\t\t<\/div>\n\t\t\t\t<\/div>\n\t\t\t\t<\/div>\n\t\t\t\t<div class=\"elementor-element elementor-element-bc01a92 elementor-grid-3 elementor-grid-tablet-2 elementor-grid-mobile-1 elementor-posts--thumbnail-top elementor-widget elementor-widget-posts\" data-id=\"bc01a92\" data-element_type=\"widget\" data-settings=\"{&quot;classic_columns&quot;:&quot;3&quot;,&quot;classic_columns_tablet&quot;:&quot;2&quot;,&quot;classic_columns_mobile&quot;:&quot;1&quot;,&quot;classic_row_gap&quot;:{&quot;unit&quot;:&quot;px&quot;,&quot;size&quot;:35,&quot;sizes&quot;:[]},&quot;classic_row_gap_tablet&quot;:{&quot;unit&quot;:&quot;px&quot;,&quot;size&quot;:&quot;&quot;,&quot;sizes&quot;:[]},&quot;classic_row_gap_mobile&quot;:{&quot;unit&quot;:&quot;px&quot;,&quot;size&quot;:&quot;&quot;,&quot;sizes&quot;:[]}}\" data-widget_type=\"posts.classic\">\n\t\t\t\t<div class=\"elementor-widget-container\">\n\t\t\t\t\t<div class=\"elementor-posts-container elementor-posts elementor-posts--skin-classic elementor-grid\">\n\t\t\t\t<article class=\"elementor-post elementor-grid-item post-6837 post type-post status-publish format-standard has-post-thumbnail hentry category-actualidad\">\n\t\t\t\t<a class=\"elementor-post__thumbnail__link\" href=\"https:\/\/elementor2.ameclexdir.com\/index.php\/2023\/09\/26\/la-colaboracion-es-la-gran-protagonista-en-este-ultimo-trimestre-del-ano\/\" tabindex=\"-1\" >\n\t\t\t<div class=\"elementor-post__thumbnail\"><img loading=\"lazy\" decoding=\"async\" width=\"300\" height=\"200\" src=\"https:\/\/elementor2.ameclexdir.com\/wp-content\/uploads\/2023\/10\/amec-socialday-92-redim-w600-h400-300x200.jpg\" class=\"attachment-medium size-medium wp-image-6841\" alt=\"\" srcset=\"https:\/\/elementor2.ameclexdir.com\/wp-content\/uploads\/2023\/10\/amec-socialday-92-redim-w600-h400-300x200.jpg 300w, https:\/\/elementor2.ameclexdir.com\/wp-content\/uploads\/2023\/10\/amec-socialday-92-redim-w600-h400.jpg 600w\" sizes=\"(max-width: 300px) 100vw, 300px\" \/><\/div>\n\t\t<\/a>\n\t\t\t\t<div class=\"elementor-post__text\">\n\t\t\t\t<h3 class=\"elementor-post__title\">\n\t\t\t<a href=\"https:\/\/elementor2.ameclexdir.com\/index.php\/2023\/09\/26\/la-colaboracion-es-la-gran-protagonista-en-este-ultimo-trimestre-del-ano\/\" >\n\t\t\t\tLa colaboraci\u00f3n es la gran protagonista en este \u00faltimo trimestre del a\u00f1o\t\t\t<\/a>\n\t\t<\/h3>\n\t\t\t\t<div class=\"elementor-post__excerpt\">\n\t\t\t<p>26 de septiembre de 2023 La COLABORACI\u00d3N y el encuentro<\/p>\n\t\t<\/div>\n\t\t\n\t\t<a class=\"elementor-post__read-more\" href=\"https:\/\/elementor2.ameclexdir.com\/index.php\/2023\/09\/26\/la-colaboracion-es-la-gran-protagonista-en-este-ultimo-trimestre-del-ano\/\" aria-label=\"Read more about La colaboraci\u00f3n es la gran protagonista en este \u00faltimo trimestre del a\u00f1o\" tabindex=\"-1\" >\n\t\t\tLeer m\u00e1s \u00bb\t\t<\/a>\n\n\t\t\t\t<\/div>\n\t\t\t\t<\/article>\n\t\t\t\t<article class=\"elementor-post elementor-grid-item post-6861 post type-post status-publish format-standard has-post-thumbnail hentry category-actualidad\">\n\t\t\t\t<a class=\"elementor-post__thumbnail__link\" href=\"https:\/\/elementor2.ameclexdir.com\/index.php\/2023\/07\/21\/las-comisiones-tecnicas-de-amec-profundizan-sobre-aspectos-clave-para-la-competitividad\/\" tabindex=\"-1\" >\n\t\t\t<div class=\"elementor-post__thumbnail\"><img loading=\"lazy\" decoding=\"async\" width=\"300\" height=\"218\" src=\"https:\/\/elementor2.ameclexdir.com\/wp-content\/uploads\/2023\/10\/comision-innovacion-amec-zona-franca-sorigue-redim-prop60-enc-w400-h290-300x218.jpeg\" class=\"attachment-medium size-medium wp-image-6865\" alt=\"\" srcset=\"https:\/\/elementor2.ameclexdir.com\/wp-content\/uploads\/2023\/10\/comision-innovacion-amec-zona-franca-sorigue-redim-prop60-enc-w400-h290-300x218.jpeg 300w, https:\/\/elementor2.ameclexdir.com\/wp-content\/uploads\/2023\/10\/comision-innovacion-amec-zona-franca-sorigue-redim-prop60-enc-w400-h290.jpeg 400w\" sizes=\"(max-width: 300px) 100vw, 300px\" \/><\/div>\n\t\t<\/a>\n\t\t\t\t<div class=\"elementor-post__text\">\n\t\t\t\t<h3 class=\"elementor-post__title\">\n\t\t\t<a href=\"https:\/\/elementor2.ameclexdir.com\/index.php\/2023\/07\/21\/las-comisiones-tecnicas-de-amec-profundizan-sobre-aspectos-clave-para-la-competitividad\/\" >\n\t\t\t\tLas comisiones t\u00e9cnicas de amec profundizan sobre aspectos clave para la competitividad\t\t\t<\/a>\n\t\t<\/h3>\n\t\t\t\t<div class=\"elementor-post__excerpt\">\n\t\t\t<p>21 de julio de 2023 Las comisiones t\u00e9cnicas de amec<\/p>\n\t\t<\/div>\n\t\t\n\t\t<a class=\"elementor-post__read-more\" href=\"https:\/\/elementor2.ameclexdir.com\/index.php\/2023\/07\/21\/las-comisiones-tecnicas-de-amec-profundizan-sobre-aspectos-clave-para-la-competitividad\/\" aria-label=\"Read more about Las comisiones t\u00e9cnicas de amec profundizan sobre aspectos clave para la competitividad\" tabindex=\"-1\" >\n\t\t\tLeer m\u00e1s \u00bb\t\t<\/a>\n\n\t\t\t\t<\/div>\n\t\t\t\t<\/article>\n\t\t\t\t<article class=\"elementor-post elementor-grid-item post-6862 post type-post status-publish format-standard has-post-thumbnail hentry category-actualidad\">\n\t\t\t\t<a class=\"elementor-post__thumbnail__link\" href=\"https:\/\/elementor2.ameclexdir.com\/index.php\/2023\/07\/21\/conquistar-nuevas-metas-a-traves-de-la-colaboracion\/\" tabindex=\"-1\" >\n\t\t\t<div class=\"elementor-post__thumbnail\"><img loading=\"lazy\" decoding=\"async\" width=\"300\" height=\"218\" src=\"https:\/\/elementor2.ameclexdir.com\/wp-content\/uploads\/2023\/10\/colaboracion-forum-redim-prop60-enc-w400-h290-300x218.jpg\" class=\"attachment-medium size-medium wp-image-6863\" alt=\"\" srcset=\"https:\/\/elementor2.ameclexdir.com\/wp-content\/uploads\/2023\/10\/colaboracion-forum-redim-prop60-enc-w400-h290-300x218.jpg 300w, https:\/\/elementor2.ameclexdir.com\/wp-content\/uploads\/2023\/10\/colaboracion-forum-redim-prop60-enc-w400-h290.jpg 400w\" sizes=\"(max-width: 300px) 100vw, 300px\" \/><\/div>\n\t\t<\/a>\n\t\t\t\t<div class=\"elementor-post__text\">\n\t\t\t\t<h3 class=\"elementor-post__title\">\n\t\t\t<a href=\"https:\/\/elementor2.ameclexdir.com\/index.php\/2023\/07\/21\/conquistar-nuevas-metas-a-traves-de-la-colaboracion\/\" >\n\t\t\t\tConquistar nuevas metas a trav\u00e9s de la colaboraci\u00f3n\t\t\t<\/a>\n\t\t<\/h3>\n\t\t\t\t<div class=\"elementor-post__excerpt\">\n\t\t\t<p>17 de julio de 2023 El 87,9% de las empresas<\/p>\n\t\t<\/div>\n\t\t\n\t\t<a class=\"elementor-post__read-more\" href=\"https:\/\/elementor2.ameclexdir.com\/index.php\/2023\/07\/21\/conquistar-nuevas-metas-a-traves-de-la-colaboracion\/\" aria-label=\"Read more about Conquistar nuevas metas a trav\u00e9s de la colaboraci\u00f3n\" tabindex=\"-1\" >\n\t\t\tLeer m\u00e1s \u00bb\t\t<\/a>\n\n\t\t\t\t<\/div>\n\t\t\t\t<\/article>\n\t\t\t\t<\/div>\n\t\t\n\t\t\t\t<\/div>\n\t\t\t\t<\/div>\n\t\t\t\t\t<\/div>\n\t\t<\/div>\n\t\t\t\t\t\t\t<\/div>\n\t\t<\/section>\n\t\t\t\t<section class=\"elementor-section elementor-top-section elementor-element elementor-element-bafd0be elementor-section-boxed elementor-section-height-default elementor-section-height-default\" data-id=\"bafd0be\" data-element_type=\"section\" data-settings=\"{&quot;background_background&quot;:&quot;classic&quot;}\">\n\t\t\t\t\t\t<div class=\"elementor-container elementor-column-gap-default\">\n\t\t\t\t\t<div class=\"elementor-column elementor-col-100 elementor-top-column elementor-element elementor-element-3a261b5\" data-id=\"3a261b5\" data-element_type=\"column\">\n\t\t\t<div class=\"elementor-widget-wrap elementor-element-populated\">\n\t\t\t\t\t\t\t\t<div class=\"elementor-element elementor-element-0a039b1 elementor-widget elementor-widget-heading\" data-id=\"0a039b1\" data-element_type=\"widget\" data-widget_type=\"heading.default\">\n\t\t\t\t<div class=\"elementor-widget-container\">\n\t\t\t<h3 class=\"elementor-heading-title elementor-size-default\">ART\u00cdCULOS DE EXPERTOS<\/h3>\t\t<\/div>\n\t\t\t\t<\/div>\n\t\t\t\t<div class=\"elementor-element elementor-element-903a794 elementor-widget elementor-widget-spacer\" data-id=\"903a794\" data-element_type=\"widget\" data-widget_type=\"spacer.default\">\n\t\t\t\t<div class=\"elementor-widget-container\">\n\t\t\t\t\t<div class=\"elementor-spacer\">\n\t\t\t<div class=\"elementor-spacer-inner\"><\/div>\n\t\t<\/div>\n\t\t\t\t<\/div>\n\t\t\t\t<\/div>\n\t\t\t\t<div class=\"elementor-element elementor-element-785b51c elementor-grid-4 elementor-posts--thumbnail-left elementor-grid-tablet-2 elementor-grid-mobile-1 elementor-widget elementor-widget-posts\" data-id=\"785b51c\" data-element_type=\"widget\" data-settings=\"{&quot;classic_columns&quot;:&quot;4&quot;,&quot;classic_row_gap&quot;:{&quot;unit&quot;:&quot;px&quot;,&quot;size&quot;:&quot;&quot;,&quot;sizes&quot;:[]},&quot;classic_columns_tablet&quot;:&quot;2&quot;,&quot;classic_columns_mobile&quot;:&quot;1&quot;,&quot;classic_row_gap_tablet&quot;:{&quot;unit&quot;:&quot;px&quot;,&quot;size&quot;:&quot;&quot;,&quot;sizes&quot;:[]},&quot;classic_row_gap_mobile&quot;:{&quot;unit&quot;:&quot;px&quot;,&quot;size&quot;:&quot;&quot;,&quot;sizes&quot;:[]}}\" data-widget_type=\"posts.classic\">\n\t\t\t\t<div class=\"elementor-widget-container\">\n\t\t\t\t\t<div class=\"elementor-posts-container elementor-posts elementor-posts--skin-classic elementor-grid\">\n\t\t\t\t<article class=\"elementor-post elementor-grid-item post-6844 post type-post status-publish format-standard has-post-thumbnail hentry category-articulos-de-expertos\">\n\t\t\t\t<a class=\"elementor-post__thumbnail__link\" href=\"https:\/\/elementor2.ameclexdir.com\/index.php\/2023\/09\/26\/nueva-normativa-en-el-alta-en-la-ss-para-personas-desplazadas-en-el-extranjero\/\" tabindex=\"-1\" >\n\t\t\t<div class=\"elementor-post__thumbnail\"><img loading=\"lazy\" decoding=\"async\" width=\"69\" height=\"69\" src=\"https:\/\/elementor2.ameclexdir.com\/wp-content\/uploads\/2023\/09\/montserrat-feliu-redim-enc-w69-h69.jpg\" class=\"attachment-full size-full wp-image-8247\" alt=\"\" \/><\/div>\n\t\t<\/a>\n\t\t\t\t<div class=\"elementor-post__text\">\n\t\t\t\t<h3 class=\"elementor-post__title\">\n\t\t\t<a href=\"https:\/\/elementor2.ameclexdir.com\/index.php\/2023\/09\/26\/nueva-normativa-en-el-alta-en-la-ss-para-personas-desplazadas-en-el-extranjero\/\" >\n\t\t\t\tNueva normativa en el alta en la SS para personas desplazadas en el extranjero\t\t\t<\/a>\n\t\t<\/h3>\n\t\t\t\t<\/div>\n\t\t\t\t<\/article>\n\t\t\t\t<article class=\"elementor-post elementor-grid-item post-6845 post type-post status-publish format-standard has-post-thumbnail hentry category-articulos-de-expertos\">\n\t\t\t\t<a class=\"elementor-post__thumbnail__link\" href=\"https:\/\/elementor2.ameclexdir.com\/index.php\/2023\/07\/10\/el-canal-de-denuncias-interno-una-nueva-obligacion-para-entidades-con-mas-de-50-empleados\/\" tabindex=\"-1\" >\n\t\t\t<div class=\"elementor-post__thumbnail\"><img loading=\"lazy\" decoding=\"async\" width=\"157\" height=\"169\" src=\"https:\/\/elementor2.ameclexdir.com\/wp-content\/uploads\/2023\/07\/joan-saula-blanco-redim-w157-h169.jpg\" class=\"attachment-full size-full wp-image-6850\" alt=\"\" \/><\/div>\n\t\t<\/a>\n\t\t\t\t<div class=\"elementor-post__text\">\n\t\t\t\t<h3 class=\"elementor-post__title\">\n\t\t\t<a href=\"https:\/\/elementor2.ameclexdir.com\/index.php\/2023\/07\/10\/el-canal-de-denuncias-interno-una-nueva-obligacion-para-entidades-con-mas-de-50-empleados\/\" >\n\t\t\t\tEl canal de denuncias interno, una nueva obligacion para entidades con m\u00e1s de 50 empleados\t\t\t<\/a>\n\t\t<\/h3>\n\t\t\t\t<\/div>\n\t\t\t\t<\/article>\n\t\t\t\t<article class=\"elementor-post elementor-grid-item post-6852 post type-post status-publish format-standard has-post-thumbnail hentry category-articulos-de-expertos\">\n\t\t\t\t<a class=\"elementor-post__thumbnail__link\" href=\"https:\/\/elementor2.ameclexdir.com\/index.php\/2023\/06\/12\/como-una-colaboracion-mas-inteligente-ayuda-a-las-empresas-industriales\/\" tabindex=\"-1\" >\n\t\t\t<div class=\"elementor-post__thumbnail\"><img loading=\"lazy\" decoding=\"async\" width=\"200\" height=\"200\" src=\"https:\/\/elementor2.ameclexdir.com\/wp-content\/uploads\/2023\/10\/heidi-mailing-redim-w200-h200.jpg\" class=\"attachment-full size-full wp-image-6854\" alt=\"\" srcset=\"https:\/\/elementor2.ameclexdir.com\/wp-content\/uploads\/2023\/10\/heidi-mailing-redim-w200-h200.jpg 200w, https:\/\/elementor2.ameclexdir.com\/wp-content\/uploads\/2023\/10\/heidi-mailing-redim-w200-h200-150x150.jpg 150w\" sizes=\"(max-width: 200px) 100vw, 200px\" \/><\/div>\n\t\t<\/a>\n\t\t\t\t<div class=\"elementor-post__text\">\n\t\t\t\t<h3 class=\"elementor-post__title\">\n\t\t\t<a href=\"https:\/\/elementor2.ameclexdir.com\/index.php\/2023\/06\/12\/como-una-colaboracion-mas-inteligente-ayuda-a-las-empresas-industriales\/\" >\n\t\t\t\tC\u00f3mo una colaboraci\u00f3n m\u00e1s inteligente ayuda a las empresas industriales\t\t\t<\/a>\n\t\t<\/h3>\n\t\t\t\t<\/div>\n\t\t\t\t<\/article>\n\t\t\t\t<article class=\"elementor-post elementor-grid-item post-6853 post type-post status-publish format-standard has-post-thumbnail hentry category-articulos-de-expertos\">\n\t\t\t\t<a class=\"elementor-post__thumbnail__link\" href=\"https:\/\/elementor2.ameclexdir.com\/index.php\/2023\/05\/22\/cofme-refuerza-su-alianza-con-una-nueva-iniciativa-orientada-a-la-actividad-economica-sostenible\/\" tabindex=\"-1\" >\n\t\t\t<div class=\"elementor-post__thumbnail\"><img loading=\"lazy\" decoding=\"async\" width=\"165\" height=\"238\" src=\"https:\/\/elementor2.ameclexdir.com\/wp-content\/uploads\/2023\/10\/carlos-sanchez-cofme-2-redim-w165-h238.jpg\" class=\"attachment-full size-full wp-image-6857\" alt=\"\" \/><\/div>\n\t\t<\/a>\n\t\t\t\t<div class=\"elementor-post__text\">\n\t\t\t\t<h3 class=\"elementor-post__title\">\n\t\t\t<a href=\"https:\/\/elementor2.ameclexdir.com\/index.php\/2023\/05\/22\/cofme-refuerza-su-alianza-con-una-nueva-iniciativa-orientada-a-la-actividad-economica-sostenible\/\" >\n\t\t\t\tCOFME refuerza su alianza con una nueva iniciativa orientada a la actividad econ\u00f3mica sostenible\t\t\t<\/a>\n\t\t<\/h3>\n\t\t\t\t<\/div>\n\t\t\t\t<\/article>\n\t\t\t\t<\/div>\n\t\t\n\t\t\t\t<\/div>\n\t\t\t\t<\/div>\n\t\t\t\t\t<\/div>\n\t\t<\/div>\n\t\t\t\t\t\t\t<\/div>\n\t\t<\/section>\n\t\t\t\t<section class=\"elementor-section elementor-top-section elementor-element elementor-element-d35948b elementor-section-boxed elementor-section-height-default elementor-section-height-default\" data-id=\"d35948b\" data-element_type=\"section\" data-settings=\"{&quot;background_background&quot;:&quot;classic&quot;}\">\n\t\t\t\t\t\t<div class=\"elementor-container elementor-column-gap-default\">\n\t\t\t\t\t<div class=\"elementor-column elementor-col-100 elementor-top-column elementor-element elementor-element-5eb10d7\" data-id=\"5eb10d7\" data-element_type=\"column\">\n\t\t\t<div class=\"elementor-widget-wrap elementor-element-populated\">\n\t\t\t\t\t\t\t\t<div class=\"elementor-element elementor-element-5dd597a elementor-widget elementor-widget-heading\" data-id=\"5dd597a\" data-element_type=\"widget\" data-widget_type=\"heading.default\">\n\t\t\t\t<div class=\"elementor-widget-container\">\n\t\t\t<h3 class=\"elementor-heading-title elementor-size-default\">CR\u00d3NICAS DE LAS \u00daLTIMAS ACTIVIDADES<\/h3>\t\t<\/div>\n\t\t\t\t<\/div>\n\t\t\t\t<div class=\"elementor-element elementor-element-ec2d0bd elementor-widget elementor-widget-spacer\" data-id=\"ec2d0bd\" data-element_type=\"widget\" data-widget_type=\"spacer.default\">\n\t\t\t\t<div class=\"elementor-widget-container\">\n\t\t\t\t\t<div class=\"elementor-spacer\">\n\t\t\t<div class=\"elementor-spacer-inner\"><\/div>\n\t\t<\/div>\n\t\t\t\t<\/div>\n\t\t\t\t<\/div>\n\t\t\t\t<div class=\"elementor-element elementor-element-77e5cf8 elementor-posts--thumbnail-none elementor-grid-3 elementor-grid-tablet-2 elementor-grid-mobile-1 elementor-widget elementor-widget-posts\" data-id=\"77e5cf8\" data-element_type=\"widget\" data-settings=\"{&quot;classic_columns&quot;:&quot;3&quot;,&quot;classic_columns_tablet&quot;:&quot;2&quot;,&quot;classic_columns_mobile&quot;:&quot;1&quot;,&quot;classic_row_gap&quot;:{&quot;unit&quot;:&quot;px&quot;,&quot;size&quot;:35,&quot;sizes&quot;:[]},&quot;classic_row_gap_tablet&quot;:{&quot;unit&quot;:&quot;px&quot;,&quot;size&quot;:&quot;&quot;,&quot;sizes&quot;:[]},&quot;classic_row_gap_mobile&quot;:{&quot;unit&quot;:&quot;px&quot;,&quot;size&quot;:&quot;&quot;,&quot;sizes&quot;:[]}}\" data-widget_type=\"posts.classic\">\n\t\t\t\t<div class=\"elementor-widget-container\">\n\t\t\t\t\t<div class=\"elementor-posts-container elementor-posts elementor-posts--skin-classic elementor-grid\">\n\t\t\t\t<article class=\"elementor-post elementor-grid-item post-6873 post type-post status-publish format-standard has-post-thumbnail hentry category-cronicas\">\n\t\t\t\t<div class=\"elementor-post__text\">\n\t\t\t\t<h3 class=\"elementor-post__title\">\n\t\t\t<a href=\"https:\/\/elementor2.ameclexdir.com\/index.php\/2022\/07\/21\/como-se-realizan-las-proyecciones-sobre-el-futuro\/\" >\n\t\t\t\t\u00bfC\u00f3mo se realizan las proyecciones sobre el futuro?\t\t\t<\/a>\n\t\t<\/h3>\n\t\t\t\t<div class=\"elementor-post__excerpt\">\n\t\t\t<p>21 de julio de 2022 Las personas directivas de las<\/p>\n\t\t<\/div>\n\t\t\n\t\t<a class=\"elementor-post__read-more\" href=\"https:\/\/elementor2.ameclexdir.com\/index.php\/2022\/07\/21\/como-se-realizan-las-proyecciones-sobre-el-futuro\/\" aria-label=\"Read more about \u00bfC\u00f3mo se realizan las proyecciones sobre el futuro?\" tabindex=\"-1\" >\n\t\t\tLeer m\u00e1s \u00bb\t\t<\/a>\n\n\t\t\t\t<\/div>\n\t\t\t\t<\/article>\n\t\t\t\t<article class=\"elementor-post elementor-grid-item post-6874 post type-post status-publish format-standard has-post-thumbnail hentry category-cronicas\">\n\t\t\t\t<div class=\"elementor-post__text\">\n\t\t\t\t<h3 class=\"elementor-post__title\">\n\t\t\t<a href=\"https:\/\/elementor2.ameclexdir.com\/index.php\/2022\/04\/28\/los-partners-de-amec-participan-en-una-jornada-de-innovacion-para-impulsar-la-colaboracion-y-apoyar-al-maximo-a-las-empresas-industriales\/\" >\n\t\t\t\tLos partners de amec participan en una jornada de innovaci\u00f3n para impulsar la colaboraci\u00f3n y apoyar al m\u00e1ximo a las empresas industriales\t\t\t<\/a>\n\t\t<\/h3>\n\t\t\t\t<div class=\"elementor-post__excerpt\">\n\t\t\t<p>28 de abril de 2022 El ecosistema de amec est\u00e1<\/p>\n\t\t<\/div>\n\t\t\n\t\t<a class=\"elementor-post__read-more\" href=\"https:\/\/elementor2.ameclexdir.com\/index.php\/2022\/04\/28\/los-partners-de-amec-participan-en-una-jornada-de-innovacion-para-impulsar-la-colaboracion-y-apoyar-al-maximo-a-las-empresas-industriales\/\" aria-label=\"Read more about Los partners de amec participan en una jornada de innovaci\u00f3n para impulsar la colaboraci\u00f3n y apoyar al m\u00e1ximo a las empresas industriales\" tabindex=\"-1\" >\n\t\t\tLeer m\u00e1s \u00bb\t\t<\/a>\n\n\t\t\t\t<\/div>\n\t\t\t\t<\/article>\n\t\t\t\t<article class=\"elementor-post elementor-grid-item post-6875 post type-post status-publish format-standard hentry category-cronicas\">\n\t\t\t\t<div class=\"elementor-post__text\">\n\t\t\t\t<h3 class=\"elementor-post__title\">\n\t\t\t<a href=\"https:\/\/elementor2.ameclexdir.com\/index.php\/2022\/04\/19\/amec-trata-sobre-la-importancia-de-los-ods-en-la-internacionalizacion-en-imex-madrid\/\" >\n\t\t\t\tamec trata sobre la importancia de los ODS en la internacionalizaci\u00f3n en IMEX Madrid\t\t\t<\/a>\n\t\t<\/h3>\n\t\t\t\t<div class=\"elementor-post__excerpt\">\n\t\t\t<p>19 de abril de 2022 El director general de amec,\u00a0Joan<\/p>\n\t\t<\/div>\n\t\t\n\t\t<a class=\"elementor-post__read-more\" href=\"https:\/\/elementor2.ameclexdir.com\/index.php\/2022\/04\/19\/amec-trata-sobre-la-importancia-de-los-ods-en-la-internacionalizacion-en-imex-madrid\/\" aria-label=\"Read more about amec trata sobre la importancia de los ODS en la internacionalizaci\u00f3n en IMEX Madrid\" tabindex=\"-1\" >\n\t\t\tLeer m\u00e1s \u00bb\t\t<\/a>\n\n\t\t\t\t<\/div>\n\t\t\t\t<\/article>\n\t\t\t\t<\/div>\n\t\t\n\t\t\t\t<\/div>\n\t\t\t\t<\/div>\n\t\t\t\t\t<\/div>\n\t\t<\/div>\n\t\t\t\t\t\t\t<\/div>\n\t\t<\/section>\n\t\t\t\t<section class=\"elementor-section elementor-top-section elementor-element elementor-element-35d6055 elementor-section-full_width elementor-section-height-default elementor-section-height-default\" data-id=\"35d6055\" data-element_type=\"section\">\n\t\t\t\t\t\t<div class=\"elementor-container elementor-column-gap-default\">\n\t\t\t\t\t<div class=\"elementor-column elementor-col-100 elementor-top-column elementor-element elementor-element-df17b65\" data-id=\"df17b65\" data-element_type=\"column\">\n\t\t\t<div class=\"elementor-widget-wrap elementor-element-populated\">\n\t\t\t\t\t\t\t\t<div class=\"elementor-element elementor-element-2e45038 elementor-widget elementor-widget-image\" data-id=\"2e45038\" data-element_type=\"widget\" data-widget_type=\"image.default\">\n\t\t\t\t<div class=\"elementor-widget-container\">\n\t\t\t\t\t\t\t\t\t\t\t\t\t\t\t<img loading=\"lazy\" decoding=\"async\" width=\"1920\" height=\"450\" src=\"https:\/\/elementor2.ameclexdir.com\/wp-content\/uploads\/2023\/08\/1920x450-crresponde-redim-w1950-h500.jpg\" class=\"attachment-full size-full wp-image-2743\" alt=\"\" srcset=\"https:\/\/elementor2.ameclexdir.com\/wp-content\/uploads\/2023\/08\/1920x450-crresponde-redim-w1950-h500.jpg 1920w, https:\/\/elementor2.ameclexdir.com\/wp-content\/uploads\/2023\/08\/1920x450-crresponde-redim-w1950-h500-300x70.jpg 300w, https:\/\/elementor2.ameclexdir.com\/wp-content\/uploads\/2023\/08\/1920x450-crresponde-redim-w1950-h500-1024x240.jpg 1024w, https:\/\/elementor2.ameclexdir.com\/wp-content\/uploads\/2023\/08\/1920x450-crresponde-redim-w1950-h500-768x180.jpg 768w, https:\/\/elementor2.ameclexdir.com\/wp-content\/uploads\/2023\/08\/1920x450-crresponde-redim-w1950-h500-1536x360.jpg 1536w\" sizes=\"(max-width: 1920px) 100vw, 1920px\" \/>\t\t\t\t\t\t\t\t\t\t\t\t\t\t\t<\/div>\n\t\t\t\t<\/div>\n\t\t\t\t\t<\/div>\n\t\t<\/div>\n\t\t\t\t\t\t\t<\/div>\n\t\t<\/section>\n\t\t\t\t<section class=\"elementor-section elementor-top-section elementor-element elementor-element-11cd2da elementor-section-boxed elementor-section-height-default elementor-section-height-default\" data-id=\"11cd2da\" data-element_type=\"section\" data-settings=\"{&quot;background_background&quot;:&quot;classic&quot;}\">\n\t\t\t\t\t\t<div class=\"elementor-container elementor-column-gap-default\">\n\t\t\t\t\t<div class=\"elementor-column elementor-col-100 elementor-top-column elementor-element elementor-element-6567684\" data-id=\"6567684\" data-element_type=\"column\">\n\t\t\t<div class=\"elementor-widget-wrap elementor-element-populated\">\n\t\t\t\t\t\t\t\t<div class=\"elementor-element elementor-element-7e4c501 elementor-widget elementor-widget-heading\" data-id=\"7e4c501\" data-element_type=\"widget\" data-widget_type=\"heading.default\">\n\t\t\t\t<div class=\"elementor-widget-container\">\n\t\t\t<h3 class=\"elementor-heading-title elementor-size-default\"><span style=\"font-style: italic;    font-weight: 700;\">amec<\/span> EN LOS MEDIOS<\/h3>\t\t<\/div>\n\t\t\t\t<\/div>\n\t\t\t\t<div class=\"elementor-element elementor-element-39d44e4 elementor-widget elementor-widget-spacer\" data-id=\"39d44e4\" data-element_type=\"widget\" data-widget_type=\"spacer.default\">\n\t\t\t\t<div class=\"elementor-widget-container\">\n\t\t\t\t\t<div class=\"elementor-spacer\">\n\t\t\t<div class=\"elementor-spacer-inner\"><\/div>\n\t\t<\/div>\n\t\t\t\t<\/div>\n\t\t\t\t<\/div>\n\t\t\t\t<div class=\"elementor-element elementor-element-3423c4e elementor-posts--thumbnail-none elementor-grid-3 elementor-grid-tablet-2 elementor-grid-mobile-1 elementor-widget elementor-widget-posts\" data-id=\"3423c4e\" data-element_type=\"widget\" data-settings=\"{&quot;classic_columns&quot;:&quot;3&quot;,&quot;classic_columns_tablet&quot;:&quot;2&quot;,&quot;classic_columns_mobile&quot;:&quot;1&quot;,&quot;classic_row_gap&quot;:{&quot;unit&quot;:&quot;px&quot;,&quot;size&quot;:35,&quot;sizes&quot;:[]},&quot;classic_row_gap_tablet&quot;:{&quot;unit&quot;:&quot;px&quot;,&quot;size&quot;:&quot;&quot;,&quot;sizes&quot;:[]},&quot;classic_row_gap_mobile&quot;:{&quot;unit&quot;:&quot;px&quot;,&quot;size&quot;:&quot;&quot;,&quot;sizes&quot;:[]}}\" data-widget_type=\"posts.classic\">\n\t\t\t\t<div class=\"elementor-widget-container\">\n\t\t\t\t\t<div class=\"elementor-posts-container elementor-posts elementor-posts--skin-classic elementor-grid\">\n\t\t\t\t<article class=\"elementor-post elementor-grid-item post-6892 post type-post status-publish format-standard hentry category-amec-en-los-medios\">\n\t\t\t\t<div class=\"elementor-post__text\">\n\t\t\t\t<h3 class=\"elementor-post__title\">\n\t\t\t<a href=\"https:\/\/elementor2.ameclexdir.com\/index.php\/2023\/09\/29\/industry-talks-amec-lanza-una-plataforma-digital-para-fomentar-el-contacto-directo-y-la-colaboracion-entre-empresas-industriales\/\" >\n\t\t\t\tIndustry Talks: AMEC lanza una plataforma digital para fomentar el contacto directo y la colaboraci\u00f3n entre empresas industriales\t\t\t<\/a>\n\t\t<\/h3>\n\t\t\t\t<div class=\"elementor-post__excerpt\">\n\t\t\t\t\t<\/div>\n\t\t\t\t<\/div>\n\t\t\t\t<\/article>\n\t\t\t\t<article class=\"elementor-post elementor-grid-item post-6893 post type-post status-publish format-standard hentry category-amec-en-los-medios\">\n\t\t\t\t<div class=\"elementor-post__text\">\n\t\t\t\t<h3 class=\"elementor-post__title\">\n\t\t\t<a href=\"https:\/\/elementor2.ameclexdir.com\/index.php\/2023\/09\/29\/empresa-exterior-amec-lanza-colab-una-plataforma-digital-para-impulsar-la-colaboracion-entre-empresas-industriales\/\" >\n\t\t\t\tEmpresa Exterior: amec lanza CoLAB, una plataforma digital para impulsar la colaboraci\u00f3n entre empresas industriales\t\t\t<\/a>\n\t\t<\/h3>\n\t\t\t\t<div class=\"elementor-post__excerpt\">\n\t\t\t\t\t<\/div>\n\t\t\t\t<\/div>\n\t\t\t\t<\/article>\n\t\t\t\t<article class=\"elementor-post elementor-grid-item post-6894 post type-post status-publish format-standard hentry category-amec-en-los-medios\">\n\t\t\t\t<div class=\"elementor-post__text\">\n\t\t\t\t<h3 class=\"elementor-post__title\">\n\t\t\t<a href=\"https:\/\/elementor2.ameclexdir.com\/index.php\/2023\/09\/21\/interempresas-entrevista-sonia-fernandez-directora-de-proyectos-de-amec\/\" >\n\t\t\t\tInterempresas: Entrevista Sonia Fern\u00e1ndez, directora de Proyectos de amec\t\t\t<\/a>\n\t\t<\/h3>\n\t\t\t\t<div class=\"elementor-post__excerpt\">\n\t\t\t\t\t<\/div>\n\t\t\t\t<\/div>\n\t\t\t\t<\/article>\n\t\t\t\t<\/div>\n\t\t\n\t\t\t\t<\/div>\n\t\t\t\t<\/div>\n\t\t\t\t\t<\/div>\n\t\t<\/div>\n\t\t\t\t\t\t\t<\/div>\n\t\t<\/section>\n\t\t\t\t\t\t\t<\/div>\n\t\t","protected":false},"excerpt":{"rendered":"<p>NOTAS DE PRENSA ACTUALIDAD ART\u00cdCULOS DE EXPERTOS CR\u00d3NICAS DE LAS \u00daLTIMAS ACTIVIDADES amec EN LOS MEDIOS<\/p>\n","protected":false},"author":1,"featured_media":2714,"parent":0,"menu_order":0,"comment_status":"closed","ping_status":"closed","template":"","meta":{"inline_featured_image":false,"footnotes":""},"class_list":["post-31","page","type-page","status-publish","has-post-thumbnail","hentry"],"acf":[],"_links":{"self":[{"href":"https:\/\/elementor2.ameclexdir.com\/index.php\/wp-json\/wp\/v2\/pages\/31","targetHints":{"allow":["GET"]}}],"collection":[{"href":"https:\/\/elementor2.ameclexdir.com\/index.php\/wp-json\/wp\/v2\/pages"}],"about":[{"href":"https:\/\/elementor2.ameclexdir.com\/index.php\/wp-json\/wp\/v2\/types\/page"}],"author":[{"embeddable":true,"href":"https:\/\/elementor2.ameclexdir.com\/index.php\/wp-json\/wp\/v2\/users\/1"}],"replies":[{"embeddable":true,"href":"https:\/\/elementor2.ameclexdir.com\/index.php\/wp-json\/wp\/v2\/comments?post=31"}],"version-history":[{"count":55,"href":"https:\/\/elementor2.ameclexdir.com\/index.php\/wp-json\/wp\/v2\/pages\/31\/revisions"}],"predecessor-version":[{"id":8260,"href":"https:\/\/elementor2.ameclexdir.com\/index.php\/wp-json\/wp\/v2\/pages\/31\/revisions\/8260"}],"wp:featuredmedia":[{"embeddable":true,"href":"https:\/\/elementor2.ameclexdir.com\/index.php\/wp-json\/wp\/v2\/media\/2714"}],"wp:attachment":[{"href":"https:\/\/elementor2.ameclexdir.com\/index.php\/wp-json\/wp\/v2\/media?parent=31"}],"curies":[{"name":"wp","href":"https:\/\/api.w.org\/{rel}","templated":true}]}}